{"id":7841,"date":"2024-01-24T09:50:33","date_gmt":"2024-01-24T08:50:33","guid":{"rendered":"https:\/\/www.mt.rub.de\/programm-bmerub-2019\/"},"modified":"2024-01-24T10:40:08","modified_gmt":"2024-01-24T09:40:08","slug":"programm-bmerub-2019","status":"publish","type":"page","link":"https:\/\/www.mt.rub.de\/de\/programm-bmerub-2019\/","title":{"rendered":"Programm BME@RUB 2019"},"content":{"rendered":"<p>[et_pb_section fb_built=&#8220;1&#8243; _builder_version=&#8220;4.23.4&#8243; _module_preset=&#8220;default&#8220; background_color=&#8220;gcid-e779870e-d060-47e8-8248-61778718c8f5&#8243; background_image=&#8220;https:\/\/www.mt.rub.de\/wp-content\/uploads\/bmtrub\/biomedical_background_endless-1.png&#8220; background_size=&#8220;contain&#8220; background_repeat=&#8220;repeat-y&#8220; transform_translate_linked=&#8220;off&#8220; custom_margin=&#8220;-88px||||false|false&#8220; custom_margin_tablet=&#8220;-88px||||false|false&#8220; custom_margin_phone=&#8220;-68px||||false|false&#8220; custom_margin_last_edited=&#8220;on|phone&#8220; global_colors_info=&#8220;{%22gcid-e779870e-d060-47e8-8248-61778718c8f5%22:%91%22background_color%22%93}&#8220;][et_pb_row _builder_version=&#8220;4.22.2&#8243; _module_preset=&#8220;default&#8220; width=&#8220;100%&#8220; max_width=&#8220;1280px&#8220; global_colors_info=&#8220;{}&#8220;][et_pb_column type=&#8220;4_4&#8243; _builder_version=&#8220;4.22.2&#8243; _module_preset=&#8220;default&#8220; global_colors_info=&#8220;{}&#8220;][et_pb_text admin_label=&#8220;Heading&#8220; _builder_version=&#8220;4.23.4&#8243; _module_preset=&#8220;856de46e-dd16-4563-892f-41052cf357ff&#8220; text_text_color=&#8220;#FFFFFF&#8220; header_text_color=&#8220;#FFFFFF&#8220; header_2_text_color=&#8220;gcid-44950fcf-18af-4325-9627-6ab69c8f8302&#8243; header_3_text_color=&#8220;gcid-44950fcf-18af-4325-9627-6ab69c8f8302&#8243; custom_margin=&#8220;2em||||false|false&#8220; custom_padding=&#8220;|20px||20px|false|true&#8220; hover_enabled=&#8220;0&#8243; global_colors_info=&#8220;{%22gcid-44950fcf-18af-4325-9627-6ab69c8f8302%22:%91%22header_2_text_color%22,%22header_3_text_color%22%93}&#8220; sticky_enabled=&#8220;0&#8243;]<\/p>\n<h2>Programm der letzten Veranstaltung im Jahr 2019<\/h2>\n<p>Nachstehend finden Sie das Programm der letzten BME@RUB, die in drei Sitzungen unterteilt war und in deutscher Sprache abgehalten wurde. Das vollst\u00e4ndige neue Programm wird kurz nach Ablauf der Frist (29. Februar 2024) zur Verf\u00fcgung stehen, und die Tagungssprache wird Englisch sein.<\/p>\n<p>[\/et_pb_text][et_pb_text admin_label=&#8220;Heading&#8220; _builder_version=&#8220;4.24.0&#8243; _module_preset=&#8220;856de46e-dd16-4563-892f-41052cf357ff&#8220; text_text_color=&#8220;#FFFFFF&#8220; header_text_color=&#8220;#FFFFFF&#8220; header_2_text_color=&#8220;gcid-44950fcf-18af-4325-9627-6ab69c8f8302&#8243; header_3_text_color=&#8220;gcid-44950fcf-18af-4325-9627-6ab69c8f8302&#8243; custom_margin=&#8220;2em||||false|false&#8220; custom_padding=&#8220;|20px||20px|false|true&#8220; hover_enabled=&#8220;0&#8243; global_colors_info=&#8220;{%22gcid-44950fcf-18af-4325-9627-6ab69c8f8302%22:%91%22header_2_text_color%22,%22header_3_text_color%22,%22header_3_text_color%22,%22header_3_text_color%22,%22header_2_text_color%22,%22header_3_text_color%22%93}&#8220; sticky_enabled=&#8220;0&#8243;]<\/p>\n<p>&nbsp;<\/p>\n<h3>15:00 Er\u00f6ffnung<\/h3>\n<p>Prof. Dr.-Ing. habil. Andreas Ostendorf,<br \/>Prorektor f\u00fcr Forschung, Transfer und wissenschaftlichen Nachwuchs | Lehrstuhl f\u00fcr Laseranwendungstechnik<\/p>\n<p>&nbsp;<\/p>\n<p>Prof. Dr.-Ing. Georg Schmitz,<br \/>Lehrstuhl f\u00fcr Medizintechnik<\/p>\n<p>&nbsp;<\/p>\n<p>Johannes Peuling,<br \/>Agentur GesundheitsCampus Bochum | Bochumer Institut f\u00fcr Technologie<\/p>\n<h3> <\/h3>\n<h3>15:15 Uhr RUB-Alumni Keynote<\/h3>\n<p><strong>Vom Medical Need zur wirtschaftlichen Umsetzung<\/strong><\/p>\n<p>&nbsp;<\/p>\n<p>Dr.-Ing. Hermann Monstadt<br \/>Gesch\u00e4ftsf\u00fchrender Gesellschafter, phenox GmbH<\/p>\n<p>&nbsp;<\/p>\n<p>[\/et_pb_text][et_pb_text admin_label=&#8220;Session 1 Timing \/ Title \/ Chairs&#8220; _builder_version=&#8220;4.24.0&#8243; _module_preset=&#8220;856de46e-dd16-4563-892f-41052cf357ff&#8220; text_text_color=&#8220;#FFFFFF&#8220; header_text_color=&#8220;#FFFFFF&#8220; header_2_text_color=&#8220;gcid-44950fcf-18af-4325-9627-6ab69c8f8302&#8243; header_3_text_color=&#8220;gcid-44950fcf-18af-4325-9627-6ab69c8f8302&#8243; custom_margin=&#8220;2em||||false|false&#8220; custom_padding=&#8220;|20px||20px|false|true&#8220; hover_enabled=&#8220;0&#8243; global_colors_info=&#8220;{%22gcid-44950fcf-18af-4325-9627-6ab69c8f8302%22:%91%22header_2_text_color%22,%22header_3_text_color%22%93}&#8220; sticky_enabled=&#8220;0&#8243;]<\/p>\n<h3>15:35 Sitzung 1: Medizinische Systeme und Simulationen<\/h3>\n<p>Session Chairs:<br \/>Prof. Dr.-Ing. Peter Awakowicz, Lehrstuhl f\u00fcr Plasmatechnik<br \/>Prof. Dr.-Ing. Ulrich Witzel, Lehrstuhl f\u00fcr Produktentwicklung<\/p>\n<p>&nbsp;<\/p>\n<p>[\/et_pb_text][et_pb_text admin_label=&#8220;Session 1 Talks&#8220; _builder_version=&#8220;4.22.2&#8243; _module_preset=&#8220;856de46e-dd16-4563-892f-41052cf357ff&#8220; text_text_color=&#8220;#FFFFFF&#8220; header_text_color=&#8220;#FFFFFF&#8220; header_2_text_color=&#8220;gcid-44950fcf-18af-4325-9627-6ab69c8f8302&#8243; header_3_text_color=&#8220;gcid-44950fcf-18af-4325-9627-6ab69c8f8302&#8243; custom_margin=&#8220;2em||||false|false&#8220; custom_padding=&#8220;|20px||20px|false|true&#8220; global_colors_info=&#8220;{%22gcid-44950fcf-18af-4325-9627-6ab69c8f8302%22:%91%22header_2_text_color%22,%22header_3_text_color%22%93}&#8220;]<\/p>\n<ol>\n<li style=\"list-style-type: none;\">\n<ol>\n<li><strong>Neue Konzepte implantierbarer Biosensoren<\/strong><br \/>W. Schuhmann<br \/>Fakult\u00e4t f\u00fcr Chemie und Biochemie, Lehrstuhl f\u00fcr Analytische Chemie, RUB<\/li>\n<li><strong>Pr\u00e4operative Simulation der Frakturheilung<\/strong><br \/>A. Lipphaus, U. Witzel<br \/>Fakult\u00e4t f\u00fcr Maschinenbau, Lehrstuhl f\u00fcr Produktentwicklung, AG Biomechanik, RUB<\/li>\n<li><strong>Continuum Mechanical Modeling and Computer Simulation of Biological Tissues<\/strong><br \/>D. Balzani<br \/>Fakult\u00e4t f\u00fcr Bau- und Umweltingenieurwissenschaften, Lehrstuhl f\u00fcr Kontinuumsmechanik, RUB<\/li>\n<li><strong>Expressionsbasierte Mikrodissektion<\/strong><br \/>P. Maack, M. Grafen, C. Esen, A. Ostendorf<br \/>Fakult\u00e4t f\u00fcr Maschinenbau, Lehrstuhl f\u00fcr Laseranwendungstechnik, RUB<\/li>\n<li><strong>Stoffwechselmonitor f\u00fcr die Intensivstation auf Basis von Quantenkaskadenlasern<\/strong><br \/>C. G\u00fcnther, M. Grafen, A. Ostendorf<br \/>Fakult\u00e4t f\u00fcr Maschinenbau, Lehrstuhl f\u00fcr Laseranwendungstechnik, RUB<\/li>\n<li><strong>Reusable biochemical sensor array based on optical microresonators<\/strong><br \/>A. Saetchnikov, T. Weigel, C. Esen, A. Ostendorf<br \/>Fakult\u00e4t f\u00fcr Maschinenbau, Lehrstuhl f\u00fcr Laseranwendungstechnik, RUB<\/li>\n<li><strong>Vagusnervstimulation &#8211; Indikationen, Forschung und Ausblick<\/strong><br \/>M. Gierthm\u00fchlen<br \/>Neurochirurgische Klinik, Universit\u00e4tsklinikum Knappschaftskrankenhaus Bochum<\/li>\n<li><strong>Real-Time Contactless Vital Signs Monitoring using an 80 GHz FMCW Radar Sensor<\/strong><br \/>J. Siska, N. Pohl<br \/>Fakult\u00e4t f\u00fcr Elektrotechnik und Informationstechnik, Lehrstuhl f\u00fcr Integrierte Systeme, RUB<\/li>\n<li><strong>Antriebskonzepte f\u00fcr einen miniaturisierten Pump-Oxygenator<\/strong><br \/>M. Hexamer<sup>1<\/sup>, N. Br\u00fcggemann<sup>1<\/sup>, A. Aghababaei<sup>1<\/sup>, A. Kashefi<sup>2<\/sup>, G. Schmitz<sup>1<\/sup><br \/><sup>1<\/sup> Fakult\u00e4t f\u00fcr Elektrotechnik und Informationstechnik, Lehrstuhl f\u00fcr Medizintechnik, RUB<br \/><sup>2<\/sup> Institut f\u00fcr Physiologie, Uniklinik RWTH Aachen, Aachen<\/li>\n<li><strong>Laserbasierte Anwendungen in der Biomedizin: Licht als technisches Werkzeug zur Bewegung von Mikrostrukturen aus dem 3D Drucker<\/strong><br \/>G. Zyla, J. K\u00f6hler, C. Esen, A. Ostendorf<br \/>Fakult\u00e4t f\u00fcr Maschinenbau, Lehrstuhl f\u00fcr Laseranwendungstechnik, RUB<\/li>\n<li><strong>Anwendungen der ultrakurzpuls-Lasertechnologie in der Biomedizintechnik<\/strong><br \/>A. Kanitz, S. Hoppius, E. Gurevich, A. Ostendorf<br \/>Fakult\u00e4t f\u00fcr Maschinenbau, Lehrstuhl f\u00fcr Laseranwendungstechnik, RUB<\/li>\n<li><strong>Anwendung des HAL\u00ae Exoskeletts zur Gangrehabilitation bei neurologischen Erkrankungen<\/strong><br \/>M. Sczesny-Kaiser<sup>1<\/sup>, M. Aach<sup>2<\/sup>, D. Grasm\u00fccke<sup>2<\/sup>, O. Jansen<sup>2<\/sup>, T. A. Schildhauer<sup>2<\/sup>, R. Trost<sup>1<\/sup>, P. Schwenkreis<sup>1<\/sup>, M. Tegenthoff<sup>1<\/sup><br \/><sup>1<\/sup> Neurologische Klinik und Poliklinik, BG Universit\u00e4tsklinikum Bergmannsheil<br \/><sup>2<\/sup> Chirurgische Universit\u00e4tsklinik und Poliklinik, BG Universit\u00e4tsklinikum Bergmannsheil<\/li>\n<li><strong>Ermittlung des metabolischen Beanspruchungsprofils mithilfe von Positionsdaten erfasst durch GPS- und Radartechnologie<\/strong><br \/>V. Mat\u00edas Santos, J. Venske, P. Platen<br \/>Fakult\u00e4t f\u00fcr Sportwissenschaft, Lehr- und Forschungsbereich Sportmedizin und Sportern\u00e4hrung, RUB<\/li>\n<li><strong>Technologien f\u00fcr die Handrehabilitation nach einem Schlaganfall<\/strong><br \/>J. Baier, C. Sure<br \/>Fakult\u00e4t f\u00fcr Maschinenbau, Lehrstuhl f\u00fcr Produktentwicklung, AG Biomechnik<\/li>\n<li><strong>Finite element analysis of ergometer cycling for post-surgical therapeutic treatment after hip replacement<\/strong><br \/>M. Sauerhoff, R. G\u00f6\u00dfling, B. Bender<br \/>Fakult\u00e4t f\u00fcr Maschinenbau, Lehrstuhl f\u00fcr Produktentwicklung, AG Biomechnik<\/li>\n<li><strong>Werkstofftechnische Entwicklung intrakranieller Gef\u00e4\u00dfimplantate<\/strong><br \/>J. Lentz<sup>1<\/sup>, S. Siebert<sup>1<\/sup>, H. Monstadt<sup>2<\/sup>, W. Theisen<sup>1<\/sup><br \/><sup>1<\/sup> Fakult\u00e4t f\u00fcr Maschinenbau, Lehrstuhl f\u00fcr Werkstofftechnik, RUB<br \/><sup>2<\/sup> phenox GmbH, Bochum<\/li>\n<\/ol>\n<\/li>\n<\/ol>\n<p>[\/et_pb_text][et_pb_text admin_label=&#8220;Break and Poster 1&#8243; _builder_version=&#8220;4.24.0&#8243; _module_preset=&#8220;856de46e-dd16-4563-892f-41052cf357ff&#8220; text_text_color=&#8220;#FFFFFF&#8220; header_text_color=&#8220;#FFFFFF&#8220; header_2_text_color=&#8220;gcid-44950fcf-18af-4325-9627-6ab69c8f8302&#8243; header_3_text_color=&#8220;gcid-44950fcf-18af-4325-9627-6ab69c8f8302&#8243; custom_margin=&#8220;2em||||false|false&#8220; custom_padding=&#8220;|20px||20px|false|true&#8220; hover_enabled=&#8220;0&#8243; global_colors_info=&#8220;{%22gcid-44950fcf-18af-4325-9627-6ab69c8f8302%22:%91%22header_2_text_color%22,%22header_3_text_color%22,%22header_2_text_color%22,%22header_3_text_color%22%93}&#8220; sticky_enabled=&#8220;0&#8243;]<\/p>\n<h3>16:30 Pause und Posterausstellung<\/h3>\n<p>[\/et_pb_text][et_pb_text admin_label=&#8220;Session 2 Timing \/ Title \/ Chairs&#8220; _builder_version=&#8220;4.24.0&#8243; _module_preset=&#8220;856de46e-dd16-4563-892f-41052cf357ff&#8220; text_text_color=&#8220;#FFFFFF&#8220; header_text_color=&#8220;#FFFFFF&#8220; header_2_text_color=&#8220;gcid-44950fcf-18af-4325-9627-6ab69c8f8302&#8243; header_3_text_color=&#8220;gcid-44950fcf-18af-4325-9627-6ab69c8f8302&#8243; custom_margin=&#8220;2em||||false|false&#8220; custom_padding=&#8220;|20px||20px|false|true&#8220; hover_enabled=&#8220;0&#8243; global_colors_info=&#8220;{%22gcid-44950fcf-18af-4325-9627-6ab69c8f8302%22:%91%22header_2_text_color%22,%22header_3_text_color%22,%22header_2_text_color%22,%22header_3_text_color%22%93}&#8220; sticky_enabled=&#8220;0&#8243;]<\/p>\n<h3 id=\"session2\">17:00 Sitzung 2: Diagnose und Therapie auf zellul\u00e4rer und molekularer Ebene<\/h3>\n<p>Session Chairs:<br \/>Prof. Dr.-Ing. habel. Andreas Ostendorf, Lehrstuhl f\u00fcr Laseranwendungstechnik<br \/>Prof. Dr. rer. nat. Wolfgang Schuhmann, Lehrstuhl f\u00fcr Analytische Chemie<\/p>\n<p>&nbsp;<\/p>\n<p>[\/et_pb_text][et_pb_text admin_label=&#8220;Session 2 Talks&#8220; _builder_version=&#8220;4.22.2&#8243; _module_preset=&#8220;856de46e-dd16-4563-892f-41052cf357ff&#8220; text_text_color=&#8220;#FFFFFF&#8220; header_text_color=&#8220;#FFFFFF&#8220; header_2_text_color=&#8220;gcid-44950fcf-18af-4325-9627-6ab69c8f8302&#8243; header_3_text_color=&#8220;gcid-44950fcf-18af-4325-9627-6ab69c8f8302&#8243; custom_margin=&#8220;2em||||false|false&#8220; custom_padding=&#8220;|20px||20px|false|true&#8220; global_colors_info=&#8220;{%22gcid-44950fcf-18af-4325-9627-6ab69c8f8302%22:%91%22header_2_text_color%22,%22header_3_text_color%22,%22header_2_text_color%22,%22header_3_text_color%22%93}&#8220;]<\/p>\n<ol start=\"17\">\n<li style=\"list-style-type: none;\">\n<ol start=\"17\">\n<li><strong>Towards Magnetic Guidance of Neurite Growth in Dopaminergic Cells: Cytoplasmic Capturing and Guidance of Magnetic Nanoparticles Functionalized with Neurite-Promoting RAS Proteins<\/strong><br \/>F. Raudzus<sup>1<\/sup><sup>#<\/sup>, H. Sch\u00f6neborn\u00b9<sup>#<\/sup>, E. Secret<sup>2<\/sup>, R. Heumann<sup>1<\/sup>*<br \/><sup>1<\/sup> Fakult\u00e4t f\u00fcr Chemie und Biochemie, Biochemie II, AG molekulare Neurobiochemie, RUB<br \/><sup>2<\/sup> Sorbonne University, Campus Pierre et Marie Curie, PHENIX lab, Paris, Frankreich<br \/><sup>#<\/sup> The authors contributed equally to this work.<br \/>* Vortragender<\/li>\n<li><strong>Bimetallic Silver-Platinum Nanoparticles: Antimicrobial Effect and Cell Activation of Human Mesenchymal Stem Cells<\/strong><br \/>M. Breisch<sup>1<\/sup>, V. Grasmik<sup>2<\/sup>, A. Rostek<sup>2<\/sup>, K. Pappert<sup>2<\/sup>, K. Loza<sup>2<\/sup>, M. Epple<sup>2<\/sup>, M. Heggen<sup>3<\/sup>, T. A. Schildhauer<sup>1<\/sup>, M. K\u00f6ller<sup>1<\/sup>, C. Sengstock<sup>1<\/sup><br \/><sup>1<\/sup> Chirurgische Universit\u00e4tsklinik und Poliklinik, BG Universit\u00e4tsklinikum Bergmannsheil<br \/><sup>2<\/sup> Anorganische Chemie und Zentrum f\u00fcr Nanointegration Duisburg-Essen (CeNIDE), Universit\u00e4t Duisburg-Essen, Essen<br \/><sup>3<\/sup> Ernst Ruska-Zentrum (ER-C) f\u00fcr Mikroskopie und Spektroskopie mit Elektronen Forschungszentrum J\u00fclich GmbH, J\u00fclich<\/li>\n<li><strong>Optimierung eines Biegeplattenwellensensors f\u00fcr hohe Eindringtiefe und Sensitivit\u00e4t<\/strong><br \/>A. C. Thewes<sup>1,2<\/sup>, C. Weigl<sup>2<\/sup>, J. Barowski<sup>3<\/sup>, M. Hoffmann<sup>1,2<\/sup><br \/><sup>1<\/sup> Fakult\u00e4t f\u00fcr Elektrotechnik und Informationstechnik, Lehrstuhl f\u00fcr Mikrosystemtechnik, RUB<br \/><sup>2<\/sup> Institut f\u00fcr Mikro- und Nanotechnologien (IMN), Technische Universit\u00e4t Ilmenau, Ilmenau<br \/><sup>3<\/sup> Fakult\u00e4t f\u00fcr Elektrotechnik und Informationstechnik, Lehrstuhl f\u00fcr Hochfrequenzsysteme, RUB<\/li>\n<li><strong>Plasmamedizin \u2013 Atmosph\u00e4rendruckplasmen f\u00fcr die Wundheilung<br \/><\/strong>F. Kogelheide, P. Awakowicz<br \/>Fakult\u00e4t f\u00fcr Elektrotechnik und Informationstechnik, Lehrstuhl f\u00fcr Allgemeine Elektrotechnik und Plasmatechnik, RUB<\/li>\n<li><strong>Dielektrisch-Behinderte-Oberfl\u00e4chenentladungen zur Gasstromreinigung in industriellen Anwendungen<br \/><\/strong>L. Sch\u00fccke, P. Wirth, P. Awakowicz<br \/>Fakult\u00e4t f\u00fcr Elektrotechnik und Informationstechnik, Lehrstuhl f\u00fcr Allgemeine Elektrotechnik und Plasmatechnik, RUB<\/li>\n<li><strong>Developing low-temperature plasmas for biomedical applications: engineering enabled by fundamental science<\/strong><br \/>A. Gibson<br \/>Fakult\u00e4t f\u00fcr Elektrotechnik und Informationstechnik, Lehrstuhl f\u00fcr Allgemeine Elektrotechnik und Plasmatechnik, RUB<\/li>\n<li><strong>Molekulare Proteindiagnostik<\/strong><br \/>F. Gro\u00dfer\u00fcschkamp, K. Gerwert<br \/>Fakult\u00e4t f\u00fcr Biologie und Biotechnologie, Lehrstuhl f\u00fcr Biophysik<\/li>\n<li><strong>Biomolecular NMR spectroscopy to study the structure and function of medically-relevant proteins<\/strong><br \/>R. Stoll<br \/>Fakult\u00e4t f\u00fcr Chemie und Biochemie, Biochemie II, Biomolekulare NMR-Spektroskopie<\/li>\n<li><strong>Plasmaemissionsanalyse zur Gewebedifferenzierung bei elektro-chirurgischen Anwendung<\/strong><br \/>B. Hillebrand, P. Awakowicz<br \/>Fakult\u00e4t f\u00fcr Elektrotechnik und Informationstechnik, Lehrstuhl f\u00fcr Allgemeine Elektrotechnik und Plasmatechnik, RUB<\/li>\n<li><strong>Plasmasterilisation &#8211; Empfindliche Medizinprodukte sicher entkeimen<\/strong><br \/>M. Fiebrandt, P. Awakowicz<br \/>Fakult\u00e4t f\u00fcr Elektrotechnik und Informationstechnik, Lehrstuhl f\u00fcr Allgemeine Elektrotechnik und Plasmatechnik, RUB<\/li>\n<li><strong>Antiadhesive and protein resistant zwitterionic and dendritic polyglycerol coatings<\/strong><br \/>R. Wanka<sup>1<\/sup>, J. Koc<sup>1<\/sup>, K. A. Nolte<sup>1<\/sup>, V. Jakobi<sup>1<\/sup>, E. Sch\u00f6nemann<sup>2<\/sup>, A. Laschewsky<sup>2<\/sup>, A. Rosenhahn<sup>1<\/sup><br \/><sup>1<\/sup> Fakult\u00e4t f\u00fcr Chemie und Biochemie, Lehrstuhl f\u00fcr Analytische Chemie &#8211; Biointerfaces, RUB<br \/><sup>2<\/sup> Institut f\u00fcr Chemie, Universit\u00e4t Potsdam<\/li>\n<\/ol>\n<\/li>\n<\/ol>\n<p>[\/et_pb_text][et_pb_text admin_label=&#8220;Session 3 Timing \/ Title \/ Chairs&#8220; _builder_version=&#8220;4.24.0&#8243; _module_preset=&#8220;856de46e-dd16-4563-892f-41052cf357ff&#8220; text_text_color=&#8220;#FFFFFF&#8220; header_text_color=&#8220;#FFFFFF&#8220; header_2_text_color=&#8220;gcid-44950fcf-18af-4325-9627-6ab69c8f8302&#8243; header_3_text_color=&#8220;gcid-44950fcf-18af-4325-9627-6ab69c8f8302&#8243; custom_margin=&#8220;2em||||false|false&#8220; custom_padding=&#8220;|20px||20px|false|true&#8220; hover_enabled=&#8220;0&#8243; global_colors_info=&#8220;{%22gcid-44950fcf-18af-4325-9627-6ab69c8f8302%22:%91%22header_2_text_color%22,%22header_3_text_color%22,%22header_2_text_color%22,%22header_3_text_color%22,%22header_2_text_color%22,%22header_3_text_color%22%93}&#8220; sticky_enabled=&#8220;0&#8243;]<\/p>\n<h3 id=\"session3\">17:30 Sitzung 3: Medizinische Bildgebung und Signalverarbeitung<\/h3>\n<p>Session Chairs:<br \/>Prof. Dr.-Ing. Dorothea Kolossa, Kognitive Signalverarbeitung<br \/>Prof. Dr.-Ing. Georg Schmitz, Lehrstuhl f\u00fcr Medizintechnik<\/p>\n<p>[\/et_pb_text][et_pb_text admin_label=&#8220;Session 3 Talks&#8220; _builder_version=&#8220;4.22.2&#8243; _module_preset=&#8220;856de46e-dd16-4563-892f-41052cf357ff&#8220; text_text_color=&#8220;#FFFFFF&#8220; header_text_color=&#8220;#FFFFFF&#8220; header_2_text_color=&#8220;gcid-44950fcf-18af-4325-9627-6ab69c8f8302&#8243; header_3_text_color=&#8220;gcid-44950fcf-18af-4325-9627-6ab69c8f8302&#8243; custom_margin=&#8220;2em||||false|false&#8220; custom_padding=&#8220;|20px||20px|false|true&#8220; global_colors_info=&#8220;{%22gcid-44950fcf-18af-4325-9627-6ab69c8f8302%22:%91%22header_2_text_color%22,%22header_3_text_color%22,%22header_2_text_color%22,%22header_3_text_color%22%93}&#8220;]<\/p>\n<ol start=\"28\">\n<li style=\"list-style-type: none;\">\n<ol start=\"28\">\n<li><strong>Ex-vivo Gewebeanalyse von Metastasen verschiedener Tumorentit\u00e4ten mittels spektroskopischer optischer Koh\u00e4hrenztomographie<\/strong><br \/>L.-A. Bartsch<sup>1<\/sup>, R. Krug<sup>2<\/sup>, M. Lenz<sup>3<\/sup>, M. Hofmann<sup>3<\/sup>, K. Schmieder<sup>2<\/sup><br \/><sup>1<\/sup> Medizinische Fakult\u00e4t, RUB<br \/><sup>2<\/sup> Neurochirurgische Klinik, Universit\u00e4tsklinikum Knappschaftskrankenhaus Bochum<br \/><sup>3<\/sup> Fakult\u00e4t f\u00fcr Elektrotechnik und Informationstechnik, Lehrstuhl f\u00fcr Photonik und Terahertztechnologie, RUB<\/li>\n<li><strong>Optische Koh\u00e4renztomographie in der Neurochirurgie<\/strong><br \/>J. M\u00f6ller, N. Gerhardt, M. Hofmann<br \/>Fakult\u00e4t f\u00fcr Elektrotechnik und Informationstechnik, Lehrstuhl f\u00fcr Photonik und Terahertztechnologie, RUB<\/li>\n<li><strong>Radar gest\u00fctzte Umgebungserfassung zum Einsatz in auditiven Orientierungshilfen f\u00fcr Menschen mit Sehbehinderung<\/strong><br \/>A. Orth, P. Kwiatkowski, N. Pohl<br \/>Fakult\u00e4t f\u00fcr Elektrotechnik und Informationstechnik, Lehrstuhl f\u00fcr Integrierte Systeme, RUB<\/li>\n<li><strong>Kompakte MIMO FMCW-Radarsensoren zur dreidimensionalen Umgebungserfassung in auditiven Orientierungshilfen f\u00fcr Menschen mit Sehbehinderung<\/strong><br \/>P. Kwiatkowski, A. Orth, N. Pohl<br \/>Fakult\u00e4t f\u00fcr Elektrotechnik und Informationstechnik, Lehrstuhl f\u00fcr Integrierte Systeme, RUB<\/li>\n<li><strong>Combination of Ultrasound and Magnetic Particle Imaging for Therapy and Diagnostics<\/strong><br \/>T. C. Kranemann, T. Ersepke, G. Schmitz<br \/>Fakult\u00e4t f\u00fcr Elektrotechnik und Informationstechnik, Lehrstuhl f\u00fcr Medizintechnik<\/li>\n<li><strong>Motion Estimation in Medical Ultrasound: Applications for Contrast Agent and Tissue Elasticity Imaging<\/strong><br \/>T. Ersepke, T. C. Kranemann, G. Schmitz<br \/>Fakult\u00e4t f\u00fcr Elektrotechnik und Informationstechnik, Lehrstuhl f\u00fcr Medizintechnik<\/li>\n<li><strong>Optische Koh\u00e4renztomographie in der Neurochirurgie &#8211; bisherige Daten und zuk\u00fcnftige Aspekte<\/strong><br \/>D. Miller<sup>1<\/sup>, R. Krug<sup>1<\/sup>, E. Popanda<sup>1<\/sup>, M. Hofmann<sup>2<\/sup>, K. Schmieder<sup>1<\/sup><br \/><sup>1<\/sup> Neurochirurgische Klinik, Universit\u00e4tsklinikum Knappschaftskrankenhaus Bochum<br \/><sup>2<\/sup> Fakult\u00e4t f\u00fcr Elektrotechnik und Informationstechnik, Lehrstuhl f\u00fcr Photonik und Terahertztechnologie, RUB<\/li>\n<li><strong>Microbubble Localization in Ultrasound Images with Contrast Agent to reconstruct the Microvasculature<\/strong><br \/>M. Piepenbrock, S. Dencks, G. Schmitz<br \/>Fakult\u00e4t f\u00fcr Elektrotechnik und Informationstechnik, Lehrstuhl f\u00fcr Medizintechnik<\/li>\n<li><strong>Tomographic Reconstructions using Ultrasound<\/strong><br \/>A. Ihrig, G. Schmitz<br \/>Fakult\u00e4t f\u00fcr Elektrotechnik und Informationstechnik, Lehrstuhl f\u00fcr Medizintechnik<\/li>\n<li><strong>Using light to study tactile perception<\/strong><br \/>J. Ansorge<sup>1<\/sup>, D. Humanes-Valera<sup>1<\/sup>, F. P. Pauzin<sup>1<\/sup>, M. K. Schwarz<sup>2<\/sup>, P. Krieger<sup>1<\/sup><br \/><sup>1<\/sup> Medizinische Fakult\u00e4t, Institut f\u00fcr Physiologie, Abteilung Systemische Neurowissenschaften<br \/><sup>2<\/sup> Institute of Experimental Epileptology and Cognition Research, University of Bonn Medical School, Bonn<\/li>\n<li><strong>Privacy-preserving Voice Control for Tetraplegics in Hospital Environments<\/strong><br \/>A. T. Christ<sup>1<\/sup>, L. Sch\u00f6nherr<sup>1<\/sup>, A. Pohl<sup>2,3<\/sup>, D. Kolossa<sup>1<\/sup><br \/><sup>1<\/sup> Fakult\u00e4t f\u00fcr Elektrotechnik und Informationstechnik, Kognitive Signalverarbeitung, RUB<br \/><sup>2<\/sup> Fakult\u00e4t f\u00fcr Elektrotechnik und Informationstechnik, Lehrstuhl f\u00fcr Integrierte Systeme<br \/><sup>3<\/sup> Bochumer-Institut f\u00fcr Technologie gGmbH, Bochum<\/li>\n<li><strong>Validation of a Music Enhancement Method for CI Listeners Using an Interactive User Interface<\/strong><br \/>J. Gauer<sup>1<\/sup>, A. Nagathil<sup>1<\/sup>, R. Martin<sup>1<\/sup>, J.-P. Thomas<sup>2<\/sup>, C. V\u00f6lter<sup>2<\/sup><br \/><sup>1<\/sup> Fakult\u00e4t f\u00fcr Elektrotechnik und Informationstechnik, Institut f\u00fcr Kommunikationsakustik, RUB<br \/><sup>2<\/sup> Klinik f\u00fcr Hals-Nasen-Ohrenheilkunde, Kopf- und Hals-Chirurgie der Ruhr-Universit\u00e4t Bochum, St. Elisabeth-Hospital, Bochum<\/li>\n<\/ol>\n<\/li>\n<\/ol>\n<ol start=\"28\">\n<li style=\"list-style-type: none;\">\n<\/li>\n<\/ol>\n<p>&nbsp;<\/p>\n<p>[\/et_pb_text][et_pb_text admin_label=&#8220;Break and Poster 2&#8243; _builder_version=&#8220;4.24.0&#8243; _module_preset=&#8220;856de46e-dd16-4563-892f-41052cf357ff&#8220; text_text_color=&#8220;#FFFFFF&#8220; header_text_color=&#8220;#FFFFFF&#8220; header_2_text_color=&#8220;gcid-44950fcf-18af-4325-9627-6ab69c8f8302&#8243; header_3_text_color=&#8220;gcid-44950fcf-18af-4325-9627-6ab69c8f8302&#8243; custom_margin=&#8220;2em||||false|false&#8220; custom_padding=&#8220;|20px||20px|false|true&#8220; hover_enabled=&#8220;0&#8243; global_colors_info=&#8220;{%22gcid-44950fcf-18af-4325-9627-6ab69c8f8302%22:%91%22header_2_text_color%22,%22header_3_text_color%22,%22header_2_text_color%22,%22header_3_text_color%22%93}&#8220; sticky_enabled=&#8220;0&#8243;]<\/p>\n<h3>18:15 &#8211; 19:30 Pause und Posterausstellung<\/h3>\n<p>[\/et_pb_text][et_pb_text disabled_on=&#8220;on|on|on&#8220; admin_label=&#8220;Closing \/ Program Download&#8220; _builder_version=&#8220;4.23.4&#8243; _module_preset=&#8220;856de46e-dd16-4563-892f-41052cf357ff&#8220; text_text_color=&#8220;#FFFFFF&#8220; header_text_color=&#8220;#FFFFFF&#8220; header_2_text_color=&#8220;gcid-44950fcf-18af-4325-9627-6ab69c8f8302&#8243; header_3_text_color=&#8220;gcid-44950fcf-18af-4325-9627-6ab69c8f8302&#8243; custom_margin=&#8220;2em||||false|false&#8220; custom_padding=&#8220;|20px||20px|false|true&#8220; disabled=&#8220;on&#8220; global_colors_info=&#8220;{%22gcid-44950fcf-18af-4325-9627-6ab69c8f8302%22:%91%22header_2_text_color%22,%22header_3_text_color%22,%22header_2_text_color%22,%22header_3_text_color%22%93}&#8220;]<\/p>\n<ol start=\"28\"><\/ol>\n<h3 id=\"download\">Laden Sie das Programm herunter<\/h3>\n<p>Das Programm kann auch <a href=\"https:\/\/www.ruhr-uni-bochum.de\/biomedizintechnik\/Programm_BMT@RUB_2019_03_21.pdf\" target=\"_blank\" rel=\"noopener\">hier<\/a> als PDF-Datei heruntergeladen werden.<\/p>\n<p>[\/et_pb_text][\/et_pb_column][\/et_pb_row][\/et_pb_section]<\/p>\n","protected":false},"excerpt":{"rendered":"<p>Programm der letzten Veranstaltung im Jahr 2019 Nachstehend finden Sie das Programm der letzten BME@RUB, die in drei Sitzungen unterteilt war und in deutscher Sprache abgehalten wurde. Das vollst\u00e4ndige neue Programm wird kurz nach Ablauf der Frist (29. Februar 2024) zur Verf\u00fcgung stehen, und die Tagungssprache wird Englisch sein.&nbsp; 15:00 Er\u00f6ffnung Prof. Dr.-Ing. habil. Andreas [&hellip;]<\/p>\n","protected":false},"author":1,"featured_media":0,"parent":0,"menu_order":0,"comment_status":"closed","ping_status":"closed","template":"","meta":{"_acf_changed":false,"_et_pb_use_builder":"on","_et_pb_old_content":"","_et_gb_content_width":"","footnotes":""},"class_list":["post-7841","page","type-page","status-publish","hentry"],"acf":[],"yoast_head":"<!-- This site is optimized with the Yoast SEO plugin v27.5 - https:\/\/yoast.com\/product\/yoast-seo-wordpress\/ -->\n<title>Programm BME@RUB 2019 - Lehrstuhl f\u00fcr Medizintechnik<\/title>\n<meta name=\"robots\" content=\"index, follow, max-snippet:-1, max-image-preview:large, max-video-preview:-1\" \/>\n<link rel=\"canonical\" href=\"https:\/\/www.mt.rub.de\/de\/programm-bmerub-2019\/\" \/>\n<meta property=\"og:locale\" content=\"de_DE\" \/>\n<meta property=\"og:type\" content=\"article\" \/>\n<meta property=\"og:title\" content=\"Programm BME@RUB 2019 - Lehrstuhl f\u00fcr Medizintechnik\" \/>\n<meta property=\"og:description\" content=\"Programm der letzten Veranstaltung im Jahr 2019 Nachstehend finden Sie das Programm der letzten BME@RUB, die in drei Sitzungen unterteilt war und in deutscher Sprache abgehalten wurde. Das vollst\u00e4ndige neue Programm wird kurz nach Ablauf der Frist (29. Februar 2024) zur Verf\u00fcgung stehen, und die Tagungssprache wird Englisch sein.&nbsp; 15:00 Er\u00f6ffnung Prof. Dr.-Ing. habil. Andreas [&hellip;]\" \/>\n<meta property=\"og:site_name\" content=\"Lehrstuhl f\u00fcr Medizintechnik\" \/>\n<meta property=\"article:modified_time\" content=\"2024-01-24T09:40:08+00:00\" \/>\n<meta name=\"twitter:card\" content=\"summary_large_image\" \/>\n<meta name=\"twitter:label1\" content=\"Gesch\u00e4tzte Lesezeit\" \/>\n\t<meta name=\"twitter:data1\" content=\"13\u00a0Minuten\" \/>\n<script type=\"application\/ld+json\" class=\"yoast-schema-graph\">{\"@context\":\"https:\\\/\\\/schema.org\",\"@graph\":[{\"@type\":\"WebPage\",\"@id\":\"https:\\\/\\\/www.mt.rub.de\\\/de\\\/programm-bmerub-2019\\\/\",\"url\":\"https:\\\/\\\/www.mt.rub.de\\\/de\\\/programm-bmerub-2019\\\/\",\"name\":\"Programm BME@RUB 2019 - Lehrstuhl f\u00fcr Medizintechnik\",\"isPartOf\":{\"@id\":\"\\\/#website\"},\"datePublished\":\"2024-01-24T08:50:33+00:00\",\"dateModified\":\"2024-01-24T09:40:08+00:00\",\"breadcrumb\":{\"@id\":\"https:\\\/\\\/www.mt.rub.de\\\/de\\\/programm-bmerub-2019\\\/#breadcrumb\"},\"inLanguage\":\"de\",\"potentialAction\":[{\"@type\":\"ReadAction\",\"target\":[\"https:\\\/\\\/www.mt.rub.de\\\/de\\\/programm-bmerub-2019\\\/\"]}]},{\"@type\":\"BreadcrumbList\",\"@id\":\"https:\\\/\\\/www.mt.rub.de\\\/de\\\/programm-bmerub-2019\\\/#breadcrumb\",\"itemListElement\":[{\"@type\":\"ListItem\",\"position\":1,\"name\":\"Home\",\"item\":\"https:\\\/\\\/www.mt.rub.de\\\/de\\\/643-2\\\/\"},{\"@type\":\"ListItem\",\"position\":2,\"name\":\"Programm BME@RUB 2019\"}]},{\"@type\":\"WebSite\",\"@id\":\"\\\/#website\",\"url\":\"\\\/\",\"name\":\"Lehrstuhl f\u00fcr Medizintechnik\",\"description\":\"Die Internetpr\u00e4senz des Lehrstuhls f\u00fcr Medizintechnik\",\"publisher\":{\"@id\":\"\\\/#organization\"},\"potentialAction\":[{\"@type\":\"SearchAction\",\"target\":{\"@type\":\"EntryPoint\",\"urlTemplate\":\"\\\/?s={search_term_string}\"},\"query-input\":{\"@type\":\"PropertyValueSpecification\",\"valueRequired\":true,\"valueName\":\"search_term_string\"}}],\"inLanguage\":\"de\"},{\"@type\":\"Organization\",\"@id\":\"\\\/#organization\",\"name\":\"Chair for Medical Engineering\",\"url\":\"\\\/\",\"logo\":{\"@type\":\"ImageObject\",\"inLanguage\":\"de\",\"@id\":\"\\\/#\\\/schema\\\/logo\\\/image\\\/\",\"url\":\"https:\\\/\\\/www.mt.rub.de\\\/wp-content\\\/uploads\\\/logos\\\/cropped-logo_mt.png\",\"contentUrl\":\"https:\\\/\\\/www.mt.rub.de\\\/wp-content\\\/uploads\\\/logos\\\/cropped-logo_mt.png\",\"width\":512,\"height\":512,\"caption\":\"Chair for Medical Engineering\"},\"image\":{\"@id\":\"\\\/#\\\/schema\\\/logo\\\/image\\\/\"}}]}<\/script>\n<!-- \/ Yoast SEO plugin. -->","yoast_head_json":{"title":"Programm BME@RUB 2019 - Lehrstuhl f\u00fcr Medizintechnik","robots":{"index":"index","follow":"follow","max-snippet":"max-snippet:-1","max-image-preview":"max-image-preview:large","max-video-preview":"max-video-preview:-1"},"canonical":"https:\/\/www.mt.rub.de\/de\/programm-bmerub-2019\/","og_locale":"de_DE","og_type":"article","og_title":"Programm BME@RUB 2019 - Lehrstuhl f\u00fcr Medizintechnik","og_description":"Programm der letzten Veranstaltung im Jahr 2019 Nachstehend finden Sie das Programm der letzten BME@RUB, die in drei Sitzungen unterteilt war und in deutscher Sprache abgehalten wurde. Das vollst\u00e4ndige neue Programm wird kurz nach Ablauf der Frist (29. Februar 2024) zur Verf\u00fcgung stehen, und die Tagungssprache wird Englisch sein.&nbsp; 15:00 Er\u00f6ffnung Prof. Dr.-Ing. habil. Andreas [&hellip;]","og_site_name":"Lehrstuhl f\u00fcr Medizintechnik","article_modified_time":"2024-01-24T09:40:08+00:00","twitter_card":"summary_large_image","twitter_misc":{"Gesch\u00e4tzte Lesezeit":"13\u00a0Minuten"},"schema":{"@context":"https:\/\/schema.org","@graph":[{"@type":"WebPage","@id":"https:\/\/www.mt.rub.de\/de\/programm-bmerub-2019\/","url":"https:\/\/www.mt.rub.de\/de\/programm-bmerub-2019\/","name":"Programm BME@RUB 2019 - Lehrstuhl f\u00fcr Medizintechnik","isPartOf":{"@id":"\/#website"},"datePublished":"2024-01-24T08:50:33+00:00","dateModified":"2024-01-24T09:40:08+00:00","breadcrumb":{"@id":"https:\/\/www.mt.rub.de\/de\/programm-bmerub-2019\/#breadcrumb"},"inLanguage":"de","potentialAction":[{"@type":"ReadAction","target":["https:\/\/www.mt.rub.de\/de\/programm-bmerub-2019\/"]}]},{"@type":"BreadcrumbList","@id":"https:\/\/www.mt.rub.de\/de\/programm-bmerub-2019\/#breadcrumb","itemListElement":[{"@type":"ListItem","position":1,"name":"Home","item":"https:\/\/www.mt.rub.de\/de\/643-2\/"},{"@type":"ListItem","position":2,"name":"Programm BME@RUB 2019"}]},{"@type":"WebSite","@id":"\/#website","url":"\/","name":"Lehrstuhl f\u00fcr Medizintechnik","description":"Die Internetpr\u00e4senz des Lehrstuhls f\u00fcr Medizintechnik","publisher":{"@id":"\/#organization"},"potentialAction":[{"@type":"SearchAction","target":{"@type":"EntryPoint","urlTemplate":"\/?s={search_term_string}"},"query-input":{"@type":"PropertyValueSpecification","valueRequired":true,"valueName":"search_term_string"}}],"inLanguage":"de"},{"@type":"Organization","@id":"\/#organization","name":"Chair for Medical Engineering","url":"\/","logo":{"@type":"ImageObject","inLanguage":"de","@id":"\/#\/schema\/logo\/image\/","url":"https:\/\/www.mt.rub.de\/wp-content\/uploads\/logos\/cropped-logo_mt.png","contentUrl":"https:\/\/www.mt.rub.de\/wp-content\/uploads\/logos\/cropped-logo_mt.png","width":512,"height":512,"caption":"Chair for Medical Engineering"},"image":{"@id":"\/#\/schema\/logo\/image\/"}}]}},"_links":{"self":[{"href":"https:\/\/www.mt.rub.de\/de\/wp-json\/wp\/v2\/pages\/7841","targetHints":{"allow":["GET"]}}],"collection":[{"href":"https:\/\/www.mt.rub.de\/de\/wp-json\/wp\/v2\/pages"}],"about":[{"href":"https:\/\/www.mt.rub.de\/de\/wp-json\/wp\/v2\/types\/page"}],"author":[{"embeddable":true,"href":"https:\/\/www.mt.rub.de\/de\/wp-json\/wp\/v2\/users\/1"}],"replies":[{"embeddable":true,"href":"https:\/\/www.mt.rub.de\/de\/wp-json\/wp\/v2\/comments?post=7841"}],"version-history":[{"count":10,"href":"https:\/\/www.mt.rub.de\/de\/wp-json\/wp\/v2\/pages\/7841\/revisions"}],"predecessor-version":[{"id":7885,"href":"https:\/\/www.mt.rub.de\/de\/wp-json\/wp\/v2\/pages\/7841\/revisions\/7885"}],"wp:attachment":[{"href":"https:\/\/www.mt.rub.de\/de\/wp-json\/wp\/v2\/media?parent=7841"}],"curies":[{"name":"wp","href":"https:\/\/api.w.org\/{rel}","templated":true}]}}